{"id":3417,"date":"2021-12-20T18:14:03","date_gmt":"2021-12-20T18:14:03","guid":{"rendered":"https:\/\/adoszakerto.eu\/?page_id=3417"},"modified":"2022-02-02T17:16:19","modified_gmt":"2022-02-02T17:16:19","slug":"about","status":"publish","type":"page","link":"https:\/\/adoszakerto.eu\/en\/about\/","title":{"rendered":"About me"},"content":{"rendered":"<p>[et_pb_section fb_built=&#8221;1&#8243; _builder_version=&#8221;4.9.4&#8243; _module_preset=&#8221;default&#8221;][et_pb_row column_structure=&#8221;1_3,2_3&#8243; _builder_version=&#8221;4.9.4&#8243; _module_preset=&#8221;default&#8221;][et_pb_column type=&#8221;1_3&#8243; _builder_version=&#8221;4.9.4&#8243; _module_preset=&#8221;default&#8221;][et_pb_image src=&#8221;https:\/\/adoszakerto.eu\/wp-content\/uploads\/2021\/08\/Andi-scaled.jpg&#8221; alt=&#8221;B\u00e9kein\u00e9 Kiss Andrea&#8221; title_text=&#8221;B\u00e9kein\u00e9 Kiss Andrea&#8221; _builder_version=&#8221;4.9.4&#8243; _module_preset=&#8221;default&#8221; custom_margin=&#8221;||12px|||&#8221;][\/et_pb_image][et_pb_text _builder_version=&#8221;4.9.4&#8243; _module_preset=&#8221;default&#8221;]<\/p>\n<h3 style=\"text-align: left;\">B\u00e9kein\u00e9 Kiss Andrea<\/h3>\n<p>[\/et_pb_text][\/et_pb_column][et_pb_column type=&#8221;2_3&#8243; _builder_version=&#8221;4.9.4&#8243; _module_preset=&#8221;default&#8221;][et_pb_accordion _builder_version=&#8221;4.9.4&#8243; _module_preset=&#8221;default&#8221;][et_pb_accordion_item title=&#8221;Detailed professional introduction&#8221; open=&#8221;on&#8221; _builder_version=&#8221;4.9.4&#8243; _module_preset=&#8221;default&#8221;]<\/p>\n<p><span>My name is Andrea B\u00e9kein\u00e9 Kiss, I am an economist, certified tax expert. My areas of expertise since 2002 cover bookkeeping, tax advisory and professional tax expert counselling. I work in as an independent advisor since 2004. My expertise in handling the business aspects of micro, small enterprises is significant. Currently I am working as a professional tax expert for enterprises, in the following fields of expertise<\/span><span>: <\/span><\/p>\n<p><span>&#8211; value added taxation of transactions<\/span><\/p>\n<p><span>&#8211; income tax planning\u00a0<\/span><\/p>\n<p><span>&#8211; enterprise tax planning, tax evaluation for optimisation<\/span><\/p>\n<p><span>&#8211; representation in tax control procedures<\/span><\/p>\n<p><span>&#8211; taxation of IP rights<\/span><\/p>\n<p><span>In 2016 I have been awarded <a href=\"https:\/\/www.penta.hu\/blog\/szakmai-versenyek-dijatado-2016\" target=\"_blank\" rel=\"noopener\">Tax Advisor of the year<\/a> in a competition with more than 800 participating professionals.\u00a0<\/span><\/p>\n<p>[\/et_pb_accordion_item][et_pb_accordion_item title=&#8221;Studies&#8221; _builder_version=&#8221;4.9.4&#8243; _module_preset=&#8221;default&#8221; open=&#8221;off&#8221;]<\/p>\n<p>Budapest University of Economic Sciences and Public Administration (current name: Corvinus)<br \/>1997-2002<br \/><strong>M.Sc. in Economics, specialisation in Accounting<\/strong><\/p>\n<p>OKT\u00c1V Tov\u00e1bbk\u00e9pz\u0151 K\u00f6zpont Zrt<br \/>2002-2004<br \/><strong>tax advisor<\/strong><\/p>\n<p>Penta Uni\u00f3 Oktat\u00e1si Centrum<br \/>2013 \u2013 2014<br \/><strong>certified tax expert \u2013 value added taxes<\/strong><\/p>\n<p>Penta Uni\u00f3 Oktat\u00e1si Centrum<br \/>2015 \u2013 2016<br \/><strong>certified tax expert \u2013 income taxes<\/strong><\/p>\n<p>[\/et_pb_accordion_item][et_pb_accordion_item title=&#8221;Experience&#8221; _builder_version=&#8221;4.9.4&#8243; _module_preset=&#8221;default&#8221; open=&#8221;off&#8221;]<\/p>\n<p><strong>2&#215;2 Bookkeeping and tax consultation office<\/strong>\u00a0(2004-2021)<\/p>\n<p>Handling more than 40 micro-, and small enterprises&#8217; bookkeeping and tax-related tasks with two employees. In summer, 2021, I changed the focus of the office to tax advisory services.<\/p>\n<p>[\/et_pb_accordion_item][et_pb_accordion_item title=&#8221;Registrations, memberships&#8221; _builder_version=&#8221;4.9.4&#8243; _module_preset=&#8221;default&#8221; open=&#8221;off&#8221;]<\/p>\n<ul>\n<li>registered certified accountant (June, 2003) MK 163213<\/li>\n<li>tax advisor (June, 2004) AT 2115705<\/li>\n<li>certified tax expert (June, 2013) OASZ 4108411<\/li>\n<li>court tax expert (September, 2016) 010896<\/li>\n<\/ul>\n<p>I am a member of the Hungarian Certified Tax Experts Society, and the Chamber of Hungarian Court Experts.\u00a0<\/p>\n<p>[\/et_pb_accordion_item][\/et_pb_accordion][\/et_pb_column][\/et_pb_row][\/et_pb_section][et_pb_section fb_built=&#8221;1&#8243; _builder_version=&#8221;4.9.4&#8243; _module_preset=&#8221;default&#8221;][et_pb_row _builder_version=&#8221;4.9.4&#8243; _module_preset=&#8221;default&#8221;][et_pb_column type=&#8221;4_4&#8243; _builder_version=&#8221;4.9.4&#8243; _module_preset=&#8221;default&#8221;][et_pb_text _builder_version=&#8221;4.9.4&#8243; _module_preset=&#8221;default&#8221; text_font=&#8221;|800||on|||||&#8221; hover_enabled=&#8221;0&#8243; sticky_enabled=&#8221;0&#8243;]<\/p>\n<h2 style=\"text-align: center;\">Partners<\/h2>\n<p>[\/et_pb_text][\/et_pb_column][\/et_pb_row][et_pb_row column_structure=&#8221;1_3,1_3,1_3&#8243; _builder_version=&#8221;4.9.4&#8243; _module_preset=&#8221;default&#8221; locked=&#8221;off&#8221;][et_pb_column type=&#8221;1_3&#8243; _builder_version=&#8221;4.9.4&#8243; _module_preset=&#8221;default&#8221;][et_pb_testimonial author=&#8221;Istv\u00e1n Ilia&#8221; company_name=&#8221;Arxardoris LLC.&#8221; url_new_window=&#8221;on&#8221; portrait_url=&#8221;https:\/\/adoszakerto.eu\/wp-content\/uploads\/2021\/08\/II.jpg&#8221; _builder_version=&#8221;4.9.4&#8243; _module_preset=&#8221;default&#8221; link_option_url=&#8221;https:\/\/arxardoris.hu\/&#8221; link_option_url_new_window=&#8221;on&#8221; hover_enabled=&#8221;0&#8243; sticky_enabled=&#8221;0&#8243;]<\/p>\n<p><span>We have been working with Andrea on optimising our way in the taxation forest, her guidance meant safety and a secure reference in the past years. I believe her consultation work, continous open communication and collaboration with us will be part of the next decade of our company journey.\u00a0<\/span><\/p>\n<p>[\/et_pb_testimonial][\/et_pb_column][et_pb_column type=&#8221;1_3&#8243; _builder_version=&#8221;4.9.4&#8243; _module_preset=&#8221;default&#8221;][et_pb_testimonial author=&#8221;Dr. Zsuzsanna Derecskei&#8221; job_title=&#8221;lawyer&#8221; url_new_window=&#8221;on&#8221; portrait_url=&#8221;https:\/\/adoszakerto.eu\/wp-content\/uploads\/2021\/09\/drderecskei_logo.png&#8221; _builder_version=&#8221;4.9.4&#8243; _module_preset=&#8221;default&#8221; link_option_url=&#8221;https:\/\/www.linkedin.com\/in\/zsuzsanna-derecskei-285400114\/&#8221; link_option_url_new_window=&#8221;on&#8221; hover_enabled=&#8221;0&#8243; sticky_enabled=&#8221;0&#8243;]<\/p>\n<p>Andrea is the only person I would trust with taxation issues. Once you meet her, you realize that her professional expertise, dedication to her profession, and humble style is unique. She is precise, accurate, reliable, smart, and her voice is always smiling, which makes communication with her a pleasure. She meets all expectations our fast-paced world is demanding. I encourage everyone to choose her services, with my open heart.<\/p>\n<p>[\/et_pb_testimonial][\/et_pb_column][et_pb_column type=&#8221;1_3&#8243; _builder_version=&#8221;4.9.4&#8243; _module_preset=&#8221;default&#8221;][et_pb_testimonial author=&#8221;Franciska Szentirmai &#8221; job_title=&#8221;management consultant&#8221; url_new_window=&#8221;on&#8221; portrait_url=&#8221;https:\/\/adoszakerto.eu\/wp-content\/uploads\/2021\/09\/szentirmai_F.jpg&#8221; _builder_version=&#8221;4.9.4&#8243; _module_preset=&#8221;default&#8221; hover_enabled=&#8221;0&#8243; sticky_enabled=&#8221;0&#8243;]<\/p>\n<div>I encourage turning to Andrea with any taxation matters, and to experience her knowledge and potential in person. My list of the topics we have covered so far: merger, tax planning, questions regarding income tax report, local taxation questions, taxation of real estate sold, information about the taxation form I should choose, accounting of study costs by the employer&#8230;<a href=\"https:\/\/adoszakerto.eu\/ajanlas_0906\/\" target=\"_blank\" rel=\"noopener\"><strong>Read more<\/strong><\/a><\/div>\n<p>[\/et_pb_testimonial][\/et_pb_column][\/et_pb_row][et_pb_row column_structure=&#8221;1_3,1_3,1_3&#8243; _builder_version=&#8221;4.9.4&#8243; _module_preset=&#8221;default&#8221; locked=&#8221;off&#8221;][et_pb_column type=&#8221;1_3&#8243; _builder_version=&#8221;4.9.4&#8243; _module_preset=&#8221;default&#8221;][et_pb_testimonial author=&#8221;D\u00f3ra Epresi&#8221; job_title=&#8221;Coach, HR expert&#8221; url_new_window=&#8221;on&#8221; portrait_url=&#8221;https:\/\/adoszakerto.eu\/wp-content\/uploads\/2021\/09\/epresidora_1.jpg&#8221; _builder_version=&#8221;4.9.4&#8243; _module_preset=&#8221;default&#8221; link_option_url=&#8221;http:\/\/epresidora.com\/&#8221; link_option_url_new_window=&#8221;on&#8221; hover_enabled=&#8221;0&#8243; sticky_enabled=&#8221;0&#8243;]<\/p>\n<div class=\"gmail_default\">\n<div class=\"gmail_default\">A fair player, precise, calm, reliable and kind, with an excellent sense of humour.<\/div>\n<div class=\"gmail_default\">I like to keep my stuff tidy, Andrea is doing that for me in my taxation matters. From time to time, some questions arise that needs her professional help. I call her on these occasions with confidence, because I know that I can expect a fair and precise answer. A quick call or an e-mail, and I know how to proceed. This helps me keep things tidy, and to save a lot of time. She&#8217;s a treasure.<\/div>\n<\/div>\n<p>[\/et_pb_testimonial][\/et_pb_column][et_pb_column type=&#8221;1_3&#8243; _builder_version=&#8221;4.9.4&#8243; _module_preset=&#8221;default&#8221;][et_pb_testimonial author=&#8221;dr. Bence Szab\u00f3&#8221; company_name=&#8221;EURO Tender LLC&#8221; url_new_window=&#8221;on&#8221; portrait_url=&#8221;https:\/\/adoszakerto.eu\/wp-content\/uploads\/2021\/09\/KOO_6147_2.jpg&#8221; _builder_version=&#8221;4.9.4&#8243; _module_preset=&#8221;default&#8221; link_option_url=&#8221;https:\/\/europalyazat.hu\/&#8221; link_option_url_new_window=&#8221;on&#8221; hover_enabled=&#8221;0&#8243; sticky_enabled=&#8221;0&#8243;]<\/p>\n<p><span>I have met Andrea as a well-prepared and precise counsellor, who can answer our tax-related questions quickly. I recommend using her services to anyone!<\/span><\/p>\n<p>[\/et_pb_testimonial][\/et_pb_column][et_pb_column type=&#8221;1_3&#8243; _builder_version=&#8221;4.9.4&#8243; _module_preset=&#8221;default&#8221;][et_pb_testimonial author=&#8221;Tam\u00e1s Csobay-Nov\u00e1k&#8221; company_name=&#8221;1&#215;1 Translations&#8221; url_new_window=&#8221;on&#8221; portrait_url=&#8221;https:\/\/adoszakerto.eu\/wp-content\/uploads\/2021\/09\/1x1_Tamas.jpg&#8221; _builder_version=&#8221;4.9.4&#8243; _module_preset=&#8221;default&#8221; link_option_url=&#8221;https:\/\/www.1x1forditoiroda.hu\/&#8221; link_option_url_new_window=&#8221;on&#8221; hover_enabled=&#8221;0&#8243; sticky_enabled=&#8221;0&#8243;]<\/p>\n<p><span>We have been working with Andrea for years, we&#8217;ve had ample time to know her both professionally and personally. She never let us down. She takes her work seriously, as any professional should, and operates diligently and carefully in her work. She is the tax professional where the customer can close their eyes, and focus on their own professional field of interest, while sleeping well. I encourage everybody to choose her services.\u00a0<\/span><\/p>\n<p>[\/et_pb_testimonial][\/et_pb_column][\/et_pb_row][\/et_pb_section][et_pb_section fb_built=&#8221;1&#8243; _builder_version=&#8221;4.9.4&#8243; _module_preset=&#8221;default&#8221;][et_pb_row column_structure=&#8221;1_6,1_6,1_6,1_6,1_6,1_6&#8243; _builder_version=&#8221;4.9.4&#8243; _module_preset=&#8221;default&#8221;][et_pb_column type=&#8221;1_6&#8243; _builder_version=&#8221;4.9.4&#8243; _module_preset=&#8221;default&#8221;][et_pb_image src=&#8221;https:\/\/adoszakerto.eu\/wp-content\/uploads\/2021\/08\/arxardoris.jpg&#8221; title_text=&#8221;Arxardoris Kft.&#8221; url=&#8221;https:\/\/arxardoris.hu\/&#8221; url_new_window=&#8221;on&#8221; _builder_version=&#8221;4.9.4&#8243; _module_preset=&#8221;default&#8221;][\/et_pb_image][\/et_pb_column][et_pb_column type=&#8221;1_6&#8243; _builder_version=&#8221;4.9.4&#8243; _module_preset=&#8221;default&#8221;][et_pb_image src=&#8221;https:\/\/adoszakerto.eu\/wp-content\/uploads\/2021\/09\/bud-legal-logo-flat.jpg&#8221; title_text=&#8221;Buz\u00e1dy \u00e9s Udvari \u00dcgyv\u00e9di Iroda&#8221; url=&#8221;https:\/\/bud-legal.hu\/&#8221; url_new_window=&#8221;on&#8221; _builder_version=&#8221;4.9.4&#8243; _module_preset=&#8221;default&#8221;][\/et_pb_image][\/et_pb_column][et_pb_column type=&#8221;1_6&#8243; _builder_version=&#8221;4.9.4&#8243; _module_preset=&#8221;default&#8221;][et_pb_image src=&#8221;https:\/\/adoszakerto.eu\/wp-content\/uploads\/2021\/09\/Signum_logo_RGB.jpg&#8221; title_text=&#8221;Signum Tan\u00e1csad\u00f3 \u00e9s PR Kft.&#8221; _builder_version=&#8221;4.9.4&#8243; _module_preset=&#8221;default&#8221;][\/et_pb_image][\/et_pb_column][et_pb_column type=&#8221;1_6&#8243; _builder_version=&#8221;4.9.4&#8243; _module_preset=&#8221;default&#8221;][et_pb_image src=&#8221;https:\/\/adoszakerto.eu\/wp-content\/uploads\/2021\/09\/kovax-logo.png&#8221; title_text=&#8221;Kovax &#8217;95 Kft.&#8221; url=&#8221;http:\/\/www.kovax.hu\/index.html&#8221; url_new_window=&#8221;on&#8221; _builder_version=&#8221;4.9.4&#8243; _module_preset=&#8221;default&#8221;][\/et_pb_image][\/et_pb_column][et_pb_column type=&#8221;1_6&#8243; _builder_version=&#8221;4.9.4&#8243; _module_preset=&#8221;default&#8221;][et_pb_image src=&#8221;https:\/\/adoszakerto.eu\/wp-content\/uploads\/2021\/09\/europalyazat_logo.jpg&#8221; title_text=&#8221;EURO P\u00e1ly\u00e1zat Kft.&#8221; url=&#8221;https:\/\/europalyazat.hu\/&#8221; url_new_window=&#8221;on&#8221; _builder_version=&#8221;4.9.4&#8243; _module_preset=&#8221;default&#8221;][\/et_pb_image][\/et_pb_column][et_pb_column type=&#8221;1_6&#8243; _builder_version=&#8221;4.9.4&#8243; _module_preset=&#8221;default&#8221;][et_pb_image src=&#8221;https:\/\/adoszakerto.eu\/wp-content\/uploads\/2021\/09\/derecskei.jpg&#8221; title_text=&#8221;Dr. Derecskei Zsuzsanna \u00fcgyv\u00e9d&#8221; url=&#8221;https:\/\/www.linkedin.com\/in\/zsuzsanna-derecskei-285400114\/&#8221; url_new_window=&#8221;on&#8221; _builder_version=&#8221;4.9.4&#8243; _module_preset=&#8221;default&#8221;][\/et_pb_image][\/et_pb_column][\/et_pb_row][et_pb_row column_structure=&#8221;1_6,1_6,1_6,1_6,1_6,1_6&#8243; _builder_version=&#8221;4.9.4&#8243; _module_preset=&#8221;default&#8221;][et_pb_column type=&#8221;1_6&#8243; _builder_version=&#8221;4.9.4&#8243; _module_preset=&#8221;default&#8221;][et_pb_image src=&#8221;https:\/\/adoszakerto.eu\/wp-content\/uploads\/2021\/09\/logo-aptim-jo\u0301.png&#8221; title_text=&#8221;Aptim Kft.&#8221; url=&#8221;https:\/\/aptim.hu\/&#8221; url_new_window=&#8221;on&#8221; _builder_version=&#8221;4.9.4&#8243; _module_preset=&#8221;default&#8221;][\/et_pb_image][\/et_pb_column][et_pb_column type=&#8221;1_6&#8243; _builder_version=&#8221;4.9.4&#8243; _module_preset=&#8221;default&#8221;][et_pb_image src=&#8221;https:\/\/adoszakerto.eu\/wp-content\/uploads\/2021\/09\/rubedi_logo.png&#8221; title_text=&#8221;Rubedi Kft.&#8221; url_new_window=&#8221;on&#8221; _builder_version=&#8221;4.9.4&#8243; _module_preset=&#8221;default&#8221;][\/et_pb_image][\/et_pb_column][et_pb_column type=&#8221;1_6&#8243; _builder_version=&#8221;4.9.4&#8243; _module_preset=&#8221;default&#8221;][et_pb_image src=&#8221;https:\/\/adoszakerto.eu\/wp-content\/uploads\/2021\/09\/myskin_logo.svg&#8221; title_text=&#8221;Myskin Bt.&#8221; url=&#8221;https:\/\/myskin.hu\/&#8221; url_new_window=&#8221;on&#8221; _builder_version=&#8221;4.9.4&#8243; _module_preset=&#8221;default&#8221;][\/et_pb_image][\/et_pb_column][et_pb_column type=&#8221;1_6&#8243; _builder_version=&#8221;4.9.4&#8243; _module_preset=&#8221;default&#8221;][et_pb_image src=&#8221;https:\/\/adoszakerto.eu\/wp-content\/uploads\/2021\/09\/SFCONSULTING.png&#8221; title_text=&#8221;Silverfox Consulting Kft.&#8221; url=&#8221;http:\/\/www.sfox.hu\/&#8221; url_new_window=&#8221;on&#8221; _builder_version=&#8221;4.9.4&#8243; _module_preset=&#8221;default&#8221;][\/et_pb_image][\/et_pb_column][et_pb_column type=&#8221;1_6&#8243; _builder_version=&#8221;4.9.4&#8243; _module_preset=&#8221;default&#8221;][et_pb_image src=&#8221;https:\/\/adoszakerto.eu\/wp-content\/uploads\/2021\/09\/korallcsempe-logo.svg&#8221; title_text=&#8221;Korall Global Kft.&#8221; url=&#8221;http:\/\/www.korallburkolat.hu&#8221; url_new_window=&#8221;on&#8221; _builder_version=&#8221;4.9.4&#8243; _module_preset=&#8221;default&#8221;][\/et_pb_image][\/et_pb_column][et_pb_column type=&#8221;1_6&#8243; _builder_version=&#8221;4.9.4&#8243; _module_preset=&#8221;default&#8221;][et_pb_image src=&#8221;https:\/\/adoszakerto.eu\/wp-content\/uploads\/2021\/09\/verint-logo.jpg&#8221; title_text=&#8221;Verint Systems Kft.&#8221; url=&#8221;https:\/\/www.verint.com\/&#8221; url_new_window=&#8221;on&#8221; _builder_version=&#8221;4.9.4&#8243; _module_preset=&#8221;default&#8221;][\/et_pb_image][\/et_pb_column][\/et_pb_row][et_pb_row column_structure=&#8221;1_6,1_6,1_6,1_6,1_6,1_6&#8243; _builder_version=&#8221;4.9.4&#8243; _module_preset=&#8221;default&#8221;][et_pb_column type=&#8221;1_6&#8243; _builder_version=&#8221;4.9.4&#8243; _module_preset=&#8221;default&#8221;][\/et_pb_column][et_pb_column type=&#8221;1_6&#8243; _builder_version=&#8221;4.9.4&#8243; _module_preset=&#8221;default&#8221;][et_pb_image src=&#8221;https:\/\/adoszakerto.eu\/wp-content\/uploads\/2021\/10\/Hoptop_logofekete_155px.jpg&#8221; alt=&#8221;Hoptop S\u00f6rf\u0151z\u0151 Kft.&#8221; title_text=&#8221;Hoptop S\u00f6rf\u0151z\u0151 Kft.&#8221; url=&#8221;https:\/\/hoptop.hu\/&#8221; url_new_window=&#8221;on&#8221; _builder_version=&#8221;4.9.4&#8243; _module_preset=&#8221;default&#8221;][\/et_pb_image][\/et_pb_column][et_pb_column type=&#8221;1_6&#8243; _builder_version=&#8221;4.9.4&#8243; _module_preset=&#8221;default&#8221;][et_pb_image src=&#8221;https:\/\/adoszakerto.eu\/wp-content\/uploads\/2021\/09\/1&#215;1-Forditoiroda.jpg&#8221; title_text=&#8221;1&#215;1 Ford\u00edt\u00f3iroda&#8221; url=&#8221;https:\/\/www.1x1forditoiroda.hu\/&#8221; url_new_window=&#8221;on&#8221; _builder_version=&#8221;4.9.4&#8243; _module_preset=&#8221;default&#8221;][\/et_pb_image][\/et_pb_column][et_pb_column type=&#8221;1_6&#8243; _builder_version=&#8221;4.9.4&#8243; _module_preset=&#8221;default&#8221;][et_pb_image src=&#8221;https:\/\/adoszakerto.eu\/wp-content\/uploads\/2021\/09\/fiera_logo.png&#8221; title_text=&#8221;Sapiodom Bt.&#8221; url=&#8221;https:\/\/fiera.hu\/&#8221; url_new_window=&#8221;on&#8221; _builder_version=&#8221;4.9.4&#8243; _module_preset=&#8221;default&#8221;][\/et_pb_image][\/et_pb_column][et_pb_column type=&#8221;1_6&#8243; _builder_version=&#8221;4.9.4&#8243; _module_preset=&#8221;default&#8221;][et_pb_image src=&#8221;https:\/\/adoszakerto.eu\/wp-content\/uploads\/2021\/09\/kbklogosmall3.png&#8221; title_text=&#8221;Dr. Kiss Bal\u00e1zs K\u00e1roly \u00dcgyv\u00e9di Iroda&#8221; url=&#8221;https:\/\/www.drkbk.hu\/&#8221; url_new_window=&#8221;on&#8221; _builder_version=&#8221;4.9.4&#8243; _module_preset=&#8221;default&#8221;][\/et_pb_image][\/et_pb_column][et_pb_column type=&#8221;1_6&#8243; _builder_version=&#8221;4.9.4&#8243; _module_preset=&#8221;default&#8221;][\/et_pb_column][\/et_pb_row][\/et_pb_section]<\/p>\n","protected":false},"excerpt":{"rendered":"<p>B\u00e9kein\u00e9 Kiss AndreaMy name is Andrea B\u00e9kein\u00e9 Kiss, I am an economist, certified tax expert. My areas of expertise since 2002 cover bookkeeping, tax advisory and professional tax expert counselling. I work in as an independent advisor since 2004. My expertise in handling the business aspects of micro, small enterprises is significant. Currently I am working as a professional tax expert for enterprises, in the following fields of expertise: &#8211; value added taxation of transactions &#8211; income tax planning\u00a0 &#8211; enterprise tax planning, tax evaluation for optimisation &#8211; representation in tax control procedures &#8211; taxation of IP rights In 2016 I have been awarded Tax Advisor of the year in a competition with more than 800 participating professionals.\u00a0Budapest University of Economic Sciences and Public Administration (current name: Corvinus)1997-2002M.Sc. in Economics, specialisation in Accounting OKT\u00c1V Tov\u00e1bbk\u00e9pz\u0151 K\u00f6zpont Zrt2002-2004tax advisor Penta Uni\u00f3 Oktat\u00e1si Centrum2013 \u2013 2014certified tax expert \u2013 value added taxes Penta Uni\u00f3 Oktat\u00e1si Centrum2015 \u2013 2016certified tax expert \u2013 income taxes2x2 Bookkeeping and tax consultation office\u00a0(2004-2021) Handling more than 40 micro-, and small enterprises&#8217; bookkeeping and tax-related tasks with two employees. In summer, 2021, I changed the focus of the office to tax advisory services. registered certified accountant (June, 2003) [&hellip;]<\/p>\n","protected":false},"author":1,"featured_media":0,"parent":0,"menu_order":0,"comment_status":"closed","ping_status":"closed","template":"","meta":{"_et_pb_use_builder":"on","_et_pb_old_content":"","_et_gb_content_width":"","inline_featured_image":false,"cybocfi_hide_featured_image":"","footnotes":""},"class_list":["post-3417","page","type-page","status-publish","hentry"],"yoast_head":"<!-- This site is optimized with the Yoast SEO Premium plugin v27.5 (Yoast SEO v27.5) - https:\/\/yoast.com\/product\/yoast-seo-premium-wordpress\/ -->\n<title>About me - Ad\u00f3szak\u00e9rt\u0151.eu<\/title>\n<meta name=\"description\" content=\"About me\" \/>\n<meta name=\"robots\" content=\"index, follow, max-snippet:-1, max-image-preview:large, max-video-preview:-1\" \/>\n<link rel=\"canonical\" href=\"https:\/\/adoszakerto.eu\/en\/about\/\" \/>\n<meta property=\"og:locale\" content=\"en_US\" \/>\n<meta property=\"og:type\" content=\"article\" \/>\n<meta property=\"og:title\" content=\"About me\" \/>\n<meta property=\"og:description\" content=\"About me\" \/>\n<meta property=\"og:url\" content=\"https:\/\/adoszakerto.eu\/en\/about\/\" \/>\n<meta property=\"og:site_name\" content=\"Ad\u00f3szak\u00e9rt\u0151.eu\" \/>\n<meta property=\"article:publisher\" content=\"https:\/\/www.facebook.com\/EvAdotanacsadoja2016\" \/>\n<meta property=\"article:modified_time\" content=\"2022-02-02T17:16:19+00:00\" \/>\n<meta property=\"og:image\" content=\"https:\/\/adoszakerto.eu\/wp-content\/uploads\/2021\/08\/Andi_2-e1631555469803.jpg\" \/>\n\t<meta property=\"og:image:width\" content=\"400\" \/>\n\t<meta property=\"og:image:height\" content=\"400\" \/>\n\t<meta property=\"og:image:type\" content=\"image\/jpeg\" \/>\n<meta name=\"twitter:card\" content=\"summary_large_image\" \/>\n<meta name=\"twitter:label1\" content=\"Est. reading time\" \/>\n\t<meta name=\"twitter:data1\" content=\"6 minutes\" \/>\n<script type=\"application\/ld+json\" class=\"yoast-schema-graph\">{\"@context\":\"https:\\\/\\\/schema.org\",\"@graph\":[{\"@type\":\"WebPage\",\"@id\":\"https:\\\/\\\/adoszakerto.eu\\\/en\\\/about\\\/\",\"url\":\"https:\\\/\\\/adoszakerto.eu\\\/en\\\/about\\\/\",\"name\":\"About me - Ad\u00f3szak\u00e9rt\u0151.eu\",\"isPartOf\":{\"@id\":\"https:\\\/\\\/adoszakerto.eu\\\/#website\"},\"datePublished\":\"2021-12-20T18:14:03+00:00\",\"dateModified\":\"2022-02-02T17:16:19+00:00\",\"description\":\"About me\",\"breadcrumb\":{\"@id\":\"https:\\\/\\\/adoszakerto.eu\\\/en\\\/about\\\/#breadcrumb\"},\"inLanguage\":\"en-US\",\"potentialAction\":[{\"@type\":\"ReadAction\",\"target\":[\"https:\\\/\\\/adoszakerto.eu\\\/en\\\/about\\\/\"]}]},{\"@type\":\"BreadcrumbList\",\"@id\":\"https:\\\/\\\/adoszakerto.eu\\\/en\\\/about\\\/#breadcrumb\",\"itemListElement\":[{\"@type\":\"ListItem\",\"position\":1,\"name\":\"Home\",\"item\":\"https:\\\/\\\/adoszakerto.eu\\\/en\\\/\"},{\"@type\":\"ListItem\",\"position\":2,\"name\":\"About me\"}]},{\"@type\":\"WebSite\",\"@id\":\"https:\\\/\\\/adoszakerto.eu\\\/#website\",\"url\":\"https:\\\/\\\/adoszakerto.eu\\\/\",\"name\":\"adoszakerto.eu\",\"description\":\"B\u00e9kein\u00e9 Kiss Andrea - okleveles ad\u00f3szak\u00e9rt\u0151\",\"publisher\":{\"@id\":\"https:\\\/\\\/adoszakerto.eu\\\/#organization\"},\"potentialAction\":[{\"@type\":\"SearchAction\",\"target\":{\"@type\":\"EntryPoint\",\"urlTemplate\":\"https:\\\/\\\/adoszakerto.eu\\\/?s={search_term_string}\"},\"query-input\":{\"@type\":\"PropertyValueSpecification\",\"valueRequired\":true,\"valueName\":\"search_term_string\"}}],\"inLanguage\":\"en-US\"},{\"@type\":\"Organization\",\"@id\":\"https:\\\/\\\/adoszakerto.eu\\\/#organization\",\"name\":\"Adoszakerto.eu\",\"url\":\"https:\\\/\\\/adoszakerto.eu\\\/\",\"logo\":{\"@type\":\"ImageObject\",\"inLanguage\":\"en-US\",\"@id\":\"https:\\\/\\\/adoszakerto.eu\\\/#\\\/schema\\\/logo\\\/image\\\/\",\"url\":\"https:\\\/\\\/adoszakerto.eu\\\/wp-content\\\/uploads\\\/2021\\\/08\\\/bka_logo_szines_png.png\",\"contentUrl\":\"https:\\\/\\\/adoszakerto.eu\\\/wp-content\\\/uploads\\\/2021\\\/08\\\/bka_logo_szines_png.png\",\"width\":500,\"height\":89,\"caption\":\"Adoszakerto.eu\"},\"image\":{\"@id\":\"https:\\\/\\\/adoszakerto.eu\\\/#\\\/schema\\\/logo\\\/image\\\/\"},\"sameAs\":[\"https:\\\/\\\/www.facebook.com\\\/EvAdotanacsadoja2016\",\"https:\\\/\\\/www.linkedin.com\\\/in\\\/adoszakerto\\\/\"]}]}<\/script>\n<!-- \/ Yoast SEO Premium plugin. -->","yoast_head_json":{"title":"About me - Ad\u00f3szak\u00e9rt\u0151.eu","description":"About me","robots":{"index":"index","follow":"follow","max-snippet":"max-snippet:-1","max-image-preview":"max-image-preview:large","max-video-preview":"max-video-preview:-1"},"canonical":"https:\/\/adoszakerto.eu\/en\/about\/","og_locale":"en_US","og_type":"article","og_title":"About me","og_description":"About me","og_url":"https:\/\/adoszakerto.eu\/en\/about\/","og_site_name":"Ad\u00f3szak\u00e9rt\u0151.eu","article_publisher":"https:\/\/www.facebook.com\/EvAdotanacsadoja2016","article_modified_time":"2022-02-02T17:16:19+00:00","og_image":[{"width":400,"height":400,"url":"https:\/\/adoszakerto.eu\/wp-content\/uploads\/2021\/08\/Andi_2-e1631555469803.jpg","type":"image\/jpeg"}],"twitter_card":"summary_large_image","twitter_misc":{"Est. reading time":"6 minutes"},"schema":{"@context":"https:\/\/schema.org","@graph":[{"@type":"WebPage","@id":"https:\/\/adoszakerto.eu\/en\/about\/","url":"https:\/\/adoszakerto.eu\/en\/about\/","name":"About me - Ad\u00f3szak\u00e9rt\u0151.eu","isPartOf":{"@id":"https:\/\/adoszakerto.eu\/#website"},"datePublished":"2021-12-20T18:14:03+00:00","dateModified":"2022-02-02T17:16:19+00:00","description":"About me","breadcrumb":{"@id":"https:\/\/adoszakerto.eu\/en\/about\/#breadcrumb"},"inLanguage":"en-US","potentialAction":[{"@type":"ReadAction","target":["https:\/\/adoszakerto.eu\/en\/about\/"]}]},{"@type":"BreadcrumbList","@id":"https:\/\/adoszakerto.eu\/en\/about\/#breadcrumb","itemListElement":[{"@type":"ListItem","position":1,"name":"Home","item":"https:\/\/adoszakerto.eu\/en\/"},{"@type":"ListItem","position":2,"name":"About me"}]},{"@type":"WebSite","@id":"https:\/\/adoszakerto.eu\/#website","url":"https:\/\/adoszakerto.eu\/","name":"adoszakerto.eu","description":"B\u00e9kein\u00e9 Kiss Andrea - okleveles ad\u00f3szak\u00e9rt\u0151","publisher":{"@id":"https:\/\/adoszakerto.eu\/#organization"},"potentialAction":[{"@type":"SearchAction","target":{"@type":"EntryPoint","urlTemplate":"https:\/\/adoszakerto.eu\/?s={search_term_string}"},"query-input":{"@type":"PropertyValueSpecification","valueRequired":true,"valueName":"search_term_string"}}],"inLanguage":"en-US"},{"@type":"Organization","@id":"https:\/\/adoszakerto.eu\/#organization","name":"Adoszakerto.eu","url":"https:\/\/adoszakerto.eu\/","logo":{"@type":"ImageObject","inLanguage":"en-US","@id":"https:\/\/adoszakerto.eu\/#\/schema\/logo\/image\/","url":"https:\/\/adoszakerto.eu\/wp-content\/uploads\/2021\/08\/bka_logo_szines_png.png","contentUrl":"https:\/\/adoszakerto.eu\/wp-content\/uploads\/2021\/08\/bka_logo_szines_png.png","width":500,"height":89,"caption":"Adoszakerto.eu"},"image":{"@id":"https:\/\/adoszakerto.eu\/#\/schema\/logo\/image\/"},"sameAs":["https:\/\/www.facebook.com\/EvAdotanacsadoja2016","https:\/\/www.linkedin.com\/in\/adoszakerto\/"]}]}},"_links":{"self":[{"href":"https:\/\/adoszakerto.eu\/en\/wp-json\/wp\/v2\/pages\/3417","targetHints":{"allow":["GET"]}}],"collection":[{"href":"https:\/\/adoszakerto.eu\/en\/wp-json\/wp\/v2\/pages"}],"about":[{"href":"https:\/\/adoszakerto.eu\/en\/wp-json\/wp\/v2\/types\/page"}],"author":[{"embeddable":true,"href":"https:\/\/adoszakerto.eu\/en\/wp-json\/wp\/v2\/users\/1"}],"replies":[{"embeddable":true,"href":"https:\/\/adoszakerto.eu\/en\/wp-json\/wp\/v2\/comments?post=3417"}],"version-history":[{"count":5,"href":"https:\/\/adoszakerto.eu\/en\/wp-json\/wp\/v2\/pages\/3417\/revisions"}],"predecessor-version":[{"id":3467,"href":"https:\/\/adoszakerto.eu\/en\/wp-json\/wp\/v2\/pages\/3417\/revisions\/3467"}],"wp:attachment":[{"href":"https:\/\/adoszakerto.eu\/en\/wp-json\/wp\/v2\/media?parent=3417"}],"curies":[{"name":"wp","href":"https:\/\/api.w.org\/{rel}","templated":true}]}}